{"id":1516,"date":"2018-07-08T11:05:41","date_gmt":"2018-07-08T11:05:41","guid":{"rendered":"http:\/\/www.joanpallaresserrano.com\/?page_id=1516"},"modified":"2018-07-19T14:47:51","modified_gmt":"2018-07-19T14:47:51","slug":"abdominoplastia-lipectomia-abdominal","status":"publish","type":"page","link":"https:\/\/www.joanpallaresserrano.com\/ca\/tractaments-i-operacions\/tractaments-corporals-cos\/abdominoplastia-lipectomia-abdominal\/","title":{"rendered":"Abdominopl\u00e0stia-Lipectomia abdominal"},"content":{"rendered":"\n<style type=\"text\/css\" data-created_by=\"avia_inline_auto\" id=\"style-css-av-jinj854f-0f121a54f4f6118b0218731968d444bd\">\n.avia-section.av-jinj854f-0f121a54f4f6118b0218731968d444bd{\nbackground-repeat:no-repeat;\nbackground-image:url(https:\/\/www.joanpallaresserrano.com\/wp-content\/uploads\/2018\/06\/cirurgia-plastica-barcelona-joan-pallares-serrano.jpg);\nbackground-position:50% 50%;\nbackground-attachment:fixed;\n}\n.avia-section.av-jinj854f-0f121a54f4f6118b0218731968d444bd .av-section-color-overlay{\nopacity:0.5;\nbackground-color:#7bb0e7;\n}\n<\/style>\n<div id='av_section_1'  class='avia-section av-jinj854f-0f121a54f4f6118b0218731968d444bd main_color avia-section-default avia-no-border-styling  avia-builder-el-0  el_before_av_section  avia-builder-el-first  avia-full-stretch avia-bg-style-fixed av-section-color-overlay-active container_wrap sidebar_right'  data-section-bg-repeat='stretch'><div class=\"av-section-color-overlay-wrap\"><div class=\"av-section-color-overlay\"><\/div><div class='container av-section-cont-open' ><main  role=\"main\" itemprop=\"mainContentOfPage\"  class='template-page content  av-content-small alpha units'><div class='post-entry post-entry-type-page post-entry-1516'><div class='entry-content-wrapper clearfix'>\n\n<style type=\"text\/css\" data-created_by=\"avia_inline_auto\" id=\"style-css-av-3uwgbq-cca9afcebf74aca460c4b2d726e89bed\">\n.flex_column.av-3uwgbq-cca9afcebf74aca460c4b2d726e89bed{\nborder-radius:0px 0px 0px 0px;\n-webkit-border-radius:0px 0px 0px 0px;\n-moz-border-radius:0px 0px 0px 0px;\n}\n<\/style>\n<div class='flex_column av-3uwgbq-cca9afcebf74aca460c4b2d726e89bed av_one_fourth  avia-builder-el-1  el_before_av_one_half  avia-builder-el-first  first flex_column_div av-zero-column-padding '   ><\/div>\n<style type=\"text\/css\" data-created_by=\"avia_inline_auto\" id=\"style-css-av-jinjb1om-a4af71c6d9d2c743bfe646cb0ce1a069\">\n.flex_column.av-jinjb1om-a4af71c6d9d2c743bfe646cb0ce1a069{\nborder-radius:0px 0px 0px 0px;\n-webkit-border-radius:0px 0px 0px 0px;\n-moz-border-radius:0px 0px 0px 0px;\nbackground-color:rgba(255,255,255,0.5);\n}\n<\/style>\n<div class='flex_column av-jinjb1om-a4af71c6d9d2c743bfe646cb0ce1a069 av_one_half  avia-builder-el-2  el_after_av_one_fourth  el_before_av_one_fourth  flex_column_div av-zero-column-padding '   ><style type=\"text\/css\" data-created_by=\"avia_inline_auto\" id=\"style-css-av-jjcqtmgq-82f82030c12ac76efcb6f3548c9ea178\">\n#top .av-special-heading.av-jjcqtmgq-82f82030c12ac76efcb6f3548c9ea178{\npadding-bottom:10px;\nfont-size:40px;\n}\nbody .av-special-heading.av-jjcqtmgq-82f82030c12ac76efcb6f3548c9ea178 .av-special-heading-tag .heading-char{\nfont-size:25px;\n}\n#top #wrap_all .av-special-heading.av-jjcqtmgq-82f82030c12ac76efcb6f3548c9ea178 .av-special-heading-tag{\nfont-size:40px;\n}\n.av-special-heading.av-jjcqtmgq-82f82030c12ac76efcb6f3548c9ea178 .av-subheading{\nfont-size:15px;\n}\n<\/style>\n<div  class='av-special-heading av-jjcqtmgq-82f82030c12ac76efcb6f3548c9ea178 av-special-heading-h1 blockquote modern-quote modern-centered  avia-builder-el-3  avia-builder-el-no-sibling  av-inherit-size'><h1 class='av-special-heading-tag'  itemprop=\"headline\"  >Abdominoplastia-Lipectomia Cirurgia de l\u2019abdomen<\/h1><div class='av-subheading av-subheading_below'><p>Tractaments Corporals<\/p>\n<\/div><div class=\"special-heading-border\"><div class=\"special-heading-inner-border\"><\/div><\/div><\/div><\/div>\n<style type=\"text\/css\" data-created_by=\"avia_inline_auto\" id=\"style-css-av-306hie-3fb200c9d22fb1b1ed7793714440e285\">\n.flex_column.av-306hie-3fb200c9d22fb1b1ed7793714440e285{\nborder-radius:0px 0px 0px 0px;\n-webkit-border-radius:0px 0px 0px 0px;\n-moz-border-radius:0px 0px 0px 0px;\n}\n<\/style>\n<div class='flex_column av-306hie-3fb200c9d22fb1b1ed7793714440e285 av_one_fourth  avia-builder-el-4  el_after_av_one_half  avia-builder-el-last  flex_column_div av-zero-column-padding '   ><\/div>\n\n<\/div><\/div><\/main><!-- close content main element --><\/div><\/div><\/div>\n<style type=\"text\/css\" data-created_by=\"avia_inline_auto\" id=\"style-css-av-2bd50m-d7f28889812d203f5a44d6998992e6a8\">\n.avia-section.av-2bd50m-d7f28889812d203f5a44d6998992e6a8{\nbackground-color:#fcfcfc;\nbackground-image:unset;\n}\n<\/style>\n<div id='av_section_2'  class='avia-section av-2bd50m-d7f28889812d203f5a44d6998992e6a8 main_color avia-section-default avia-no-border-styling  avia-builder-el-5  el_after_av_section  el_before_av_heading  avia-bg-style-scroll container_wrap sidebar_right'  ><div class='container av-section-cont-open' ><div class='template-page content  av-content-small alpha units'><div class='post-entry post-entry-type-page post-entry-1516'><div class='entry-content-wrapper clearfix'>\n\n<style type=\"text\/css\" data-created_by=\"avia_inline_auto\" id=\"style-css-av-7t2zau-6f2cb7d50f1e0c1fa52bba3e9d56b1bc\">\n.flex_column.av-7t2zau-6f2cb7d50f1e0c1fa52bba3e9d56b1bc{\nborder-width:1px;\nborder-style:solid;\nborder-radius:20px 20px 20px 20px;\n-webkit-border-radius:20px 20px 20px 20px;\n-moz-border-radius:20px 20px 20px 20px;\npadding:20px 20px 20px 20px;\nbackground-color:#ffffff;\n}\n<\/style>\n<div class='flex_column av-7t2zau-6f2cb7d50f1e0c1fa52bba3e9d56b1bc av_two_third  avia-builder-el-6  el_before_av_one_third  avia-builder-el-first  first flex_column_div '   ><style type=\"text\/css\" data-created_by=\"avia_inline_auto\" id=\"style-css-av-jinjdjht-061e59e7ba3717143748c7782f639fe7\">\n#top .av_textblock_section.av-jinjdjht-061e59e7ba3717143748c7782f639fe7 .avia_textblock{\nfont-size:16px;\n}\n<\/style>\n<section  class='av_textblock_section av-jinjdjht-061e59e7ba3717143748c7782f639fe7'  itemscope=\"itemscope\" itemtype=\"https:\/\/schema.org\/CreativeWork\" ><div class='avia_textblock'  itemprop=\"text\" ><p style=\"text-align: justify;\"><strong>Cirurgia de l&#8217;abdomen<\/strong><\/p>\n<p style=\"text-align: justify;\">La abdominopl\u00e0stia \u00e9s l&#8217;operaci\u00f3 consistent en l&#8217;extirpaci\u00f3 de l&#8217;exc\u00e9s de pell i greix abdominal i en la correcci\u00f3 de la flaccidesa muscular. Aquesta situaci\u00f3 d&#8217;exc\u00e9s de pell i relaxaci\u00f3 de la paret abdominal es sol donar en pacients que han tingut augment de pes i p\u00e8rdua posterior o en dones que han tingut diversos embarassos. L&#8217;abdominopl\u00e0stia aconsegueix una abdomen m\u00e9s pla, m\u00e9s ferm i una cintura m\u00e9s estreta.<\/p>\n<p style=\"text-align: justify;\">La intervenci\u00f3 es realitza sota anest\u00e8sia general, despr\u00e9s de l&#8217;operaci\u00f3 el pacient portar\u00e0 una faixa especial, refor\u00e7ada amb\u00a0un embenat, segons cada cas individual. Les cicatrius al voltant del melic ia l&#8217;abdomen inferior aniran millorant amb el transcurs del temps.<\/p>\n<p style=\"text-align: justify;\"><strong>Planificant la cirurgia<\/strong><\/p>\n<p style=\"text-align: justify;\">A la consulta inicial, el cirurgi\u00e0 pl\u00e0stic avaluar\u00e0 el seu estat de salut,\u00a0determinar\u00e0 l&#8217;extensi\u00f3 de l&#8217;acumulaci\u00f3 de greix a la regi\u00f3 del\u00a0abdomen i el to de la piel. Deu d\u00b4exposar les seves expectatives de manera\u00a0sincera i franca, perqu\u00e8 el cirurgi\u00e0 pl\u00e0stic sigui tamb\u00e9 franc i li mostri les alternatives disponibles per al seu problema, amb els riscos i\u00a0limitacions de cadascuna d&#8217;elles. Si per exemple vost\u00e8 nom\u00e9s ha\u00a0acumulaci\u00f3 de greix a la zona sota el melic, pot ser suficient la realitzaci\u00f3 d&#8217;un procediment menys complex denominat miniabdominoplastia, que necessita una estada menor a la cl\u00ednica i es realitza\u00a0en menys temps. En altres casos, ja es vagi a realitzar una abdominopl\u00e0stia completa o una mini-abdominopl\u00e0stia, pot associar-se una liposucci\u00f3 de els malucs que millori la silueta corporal de manera m\u00e9s harm\u00f2nica.<\/p>\n<p style=\"text-align: justify;\">En qualsevol cas el cirurgi\u00e0 pl\u00e0stic i vost\u00e8, determinaran conjuntament\u00a0quin \u00e9s el procediment \u00f2ptim que li proporcioni una silueta corporal\u00a0m\u00e9s adequada. Durant la consulta, el cirurgi\u00e0 pl\u00e0stic tamb\u00e9 li explicar\u00e0\u00a0quin \u00e9s el tipus d&#8217;anest\u00e8sia que utilitzar\u00e0.<\/p>\n<p style=\"text-align: justify;\">L&#8217;abdominopl\u00e0stia i la mini-abdominopl\u00e0stia es realitza sempre en quir\u00f2fan, dins d&#8217;una cl\u00ednica o hospital. S\u00f3n procediments que no\u00a0s&#8217;han de fer la consulta. La liposucci\u00f3 tamb\u00e9 s&#8217;ha de fer en quir\u00f2fan, sota condicions estrictes d&#8217;as\u00e8psia.<\/p>\n<p style=\"text-align: justify;\"><strong>Quin tipus d&#8217;anest\u00e8sia es fa servir?<\/strong><\/p>\n<p style=\"text-align: justify;\">El tipus d&#8217;anest\u00e8sia m\u00e9s emprat per a realitzar una abdominopl\u00e0stia \u00e9s la\u00a0anest\u00e8sia general, durant la qual estar\u00e0 adormit fins que finalitzi la\u00a0cirurgia. En alguns casos, sobretot en la mini-abdominopl\u00e0stia i en la\u00a0liposucci\u00f3 abdominal es pot emprar anest\u00e8sia local m\u00e9s sedaci\u00f3, de manera que durant la cirurgia vost\u00e8 estar\u00e0 despert per\u00f2 relaxat, i la\u00a0regi\u00f3 de l&#8217;abdomen queda insensible al dolor<\/p>\n<p style=\"text-align: justify;\">La musculatura i teixits de la paret abdominal s\u00f3n aproximats per aconseguir una cintura m\u00e9s estreta i llarga.<\/p>\n<p style=\"text-align: justify;\"><strong>En qu\u00e8 consisteix la cirurgia?<\/strong><\/p>\n<p style=\"text-align: justify;\">Una abdominopl\u00e0stia completa sol durar entre 2 i 4 hores, depenent\u00a0de la quantitat de correcci\u00f3 necess\u00e0ria. Una mini-abdominopl\u00e0stia sol\u00a0durar entre 1 i 2 hores.<\/p>\n<p style=\"text-align: justify;\">A la mini-abdominopl\u00e0stia s&#8217;empra una incisi\u00f3 molt m\u00e9s petita,\u00a0tamb\u00e9 sobre del pubis, no sent necess\u00e0ria la incisi\u00f3 al voltant del\u00a0melic, que en alguns casos pot ser baixat en estirar la pell.<\/p>\n<p style=\"text-align: justify;\">Despr\u00e9s d&#8217;una abdominopl\u00e0stia: l&#8217;abdomen \u00e9s m\u00e9s pla i estret.<\/p>\n<p style=\"text-align: justify;\">Les cicatrius, encara definitives, es fan menys visibles amb el temps.<\/p>\n<p style=\"text-align: justify;\"><strong>Despr\u00e9s de la cirurgia (postoperatori)<\/strong><\/p>\n<p style=\"text-align: justify;\">Durant els primers dies l&#8217;abdomen sol estar una mica inflamat i poden\u00a0notar-se algunes mol\u00e8sties o dolor que es controla amb medicaci\u00f3.<\/p>\n<p style=\"text-align: justify;\">Depenent de l&#8217;extensi\u00f3 de la cirurgia, es podr\u00e0 marxar a casa al cap\u00a0d&#8217;unes hores o romandr\u00e0 2 o 3 dies a la cl\u00ednica. El seu cirurgi\u00e0 pl\u00e0stic li\u00a0donar\u00e0 instruccions per dutxar-se i canviar-se els embenats. Tot i que\u00a0al principi no hagi estirar del tot, ha de comen\u00e7ar a caminar tan aviat com sigui possible. Els punts de la pell externs seran retirats\u00a0entre els 5 i 7 dies; els punts interns, els extrems surten pels extrems de la incisi\u00f3, en 2 o 3 setmanes. L&#8217;embenat se substituir\u00e0 per una faixa abdominal.<\/p>\n<p style=\"text-align: justify;\"><strong>La tornada a la normalitat<\/strong><\/p>\n<p style=\"text-align: justify;\">Pot portar a unes setmanes a uns poc mesos el tornar a sentir-se com\u00a0abans. Si el seu estat f\u00edsic previ a la cirurgia \u00e9s bo, incloent una\u00a0musculatura abdominal forta, la recuperaci\u00f3 despr\u00e9s de la abdominopl\u00e0stia ser\u00e0 m\u00e9s r\u00e0pida. Algunes persones tornen al seu treball en\u00a0unes 2 setmanes, mentre que altres necessiten 3 o 4 setmanes de rep\u00f2s i\u00a0recuperaci\u00f3. L&#8217;exercici f\u00edsic ajuda a recuperar-se abans. Fins i tot la gent\u00a0que no practica esport abans de la cirurgia ha de realitzar un programa de exercicis per reduir la inflamaci\u00f3, disminuir la possibilitat de\u00a0formaci\u00f3 de trombos venosos i tonificar els m\u00fasculs. No obstant aix\u00f2, els\u00a0exercicis forts s&#8217;han d&#8217;evitar fins que un es senti c\u00f2mode. Les cicatrius poden donar la impressi\u00f3 d&#8217;empitjorar durant els primers 3 a 6\u00a0mesos mentre estan en per\u00edode de curaci\u00f3; aix\u00f2 \u00e9s normal. Cal\u00a0esperar entre 9 mesos i 1 any perqu\u00e8 la cicatriu s&#8217;aplani i aclareixi.<\/p>\n<p style=\"text-align: justify;\">Tot i que les cicatrius no desapareixeran mai, aquestes no seran visibles, fins i tot quan es porti bikini o ba\u00f1ador.<\/p>\n<p style=\"text-align: justify;\"><strong>Els resultats<\/strong><\/p>\n<p style=\"text-align: justify;\">L\u00e1bdominoplastia, ja sigui completa o mini-abdominopl\u00e0stia, proporciona resultats excel\u00b7lents en pacients en que els m\u00fasculs abdominals est\u00e1ndebilitats i posseeixen un exc\u00e9s de pell i greix. En la majoria dels casos els \u00a0resultats s\u00f3n definitius, sempre que s&#8217;acompanyi d&#8217;una dieta equilibrada i exercici diari. Si vost\u00e8 \u00e9s realista en les seves expectatives i es capa\u00e7 de tolerar la pres\u00e8ncia d&#8217;una cicatriu abdominal definitiva, encara que dissimulable, i un per\u00edode de recuperaci\u00f3 llarg, la abdominoplastiapuede ser adequada per a vost\u00e8.<\/p>\n<\/div><\/section><\/div>\n<style type=\"text\/css\" data-created_by=\"avia_inline_auto\" id=\"style-css-av-5prn9y-4a42cbc06ba440806ac4aa62cda3c7e4\">\n.flex_column.av-5prn9y-4a42cbc06ba440806ac4aa62cda3c7e4{\nborder-width:1px;\nborder-color:#fcfcfc;\nborder-style:solid;\nborder-radius:0px 0px 0px 0px;\n-webkit-border-radius:0px 0px 0px 0px;\n-moz-border-radius:0px 0px 0px 0px;\npadding:10px 10px 10px 10px;\nbackground-color:#fcfcfc;\n}\n<\/style>\n<div class='flex_column av-5prn9y-4a42cbc06ba440806ac4aa62cda3c7e4 av_one_third  avia-builder-el-8  el_after_av_two_third  avia-builder-el-last  flex_column_div '   ><p><div  class='avia-video av-3lfnt2-34f6467c16ae62cec25694dda0c7045f avia-video-16-9 av-no-preview-image avia-video-load-always av-lazyload-immediate av-lazyload-video-embed'  itemprop=\"video\" itemtype=\"https:\/\/schema.org\/VideoObject\"  data-original_url='https:\/\/www.youtube.com\/watch?v=f3lZT-NLG-A'><script type='text\/html' class='av-video-tmpl'><div class='avia-iframe-wrap'><iframe loading=\"lazy\" width=\"1500\" height=\"844\" src=\"https:\/\/www.youtube.com\/embed\/f3lZT-NLG-A?feature=oembed&autoplay=0&loop=0&controls=1&mute=0\" frameborder=\"0\" allow=\"autoplay; encrypted-media\" allowfullscreen><\/iframe><\/div><\/script><div class='av-click-to-play-overlay'><div class=\"avia_playpause_icon\"><\/div><\/div><\/div><br \/>\n<section  class='av_textblock_section av-jinkfhyf-b8e0b6c057bf63655f15137223f1eac7'  itemscope=\"itemscope\" itemtype=\"https:\/\/schema.org\/CreativeWork\" ><div class='avia_textblock'  itemprop=\"text\" ><p style=\"text-align: center;\">Dr.Joan Pallar\u00e8s<\/p>\n<\/div><\/section><br \/>\n<div  class='hr av-9oqwm-3ffea69ddba58eb099ef009272344f03 hr-default  avia-builder-el-11  el_after_av_textblock  el_before_av_textblock '><span class='hr-inner '><span class=\"hr-inner-style\"><\/span><\/span><\/div><br \/>\n<section  class='av_textblock_section av-jjbl0nd7-cabcf0f1994a2ef9145902aae1d6b3b0'  itemscope=\"itemscope\" itemtype=\"https:\/\/schema.org\/CreativeWork\" ><div class='avia_textblock'  itemprop=\"text\" ><div role=\"form\" class=\"wpcf7\" id=\"wpcf7-f1484-o1\" lang=\"es-ES\" dir=\"ltr\">\n<div class=\"screen-reader-response\"><p role=\"status\" aria-live=\"polite\" aria-atomic=\"true\"><\/p> <ul><\/ul><\/div>\n<form action=\"\/ca\/wp-json\/wp\/v2\/pages\/1516#wpcf7-f1484-o1\" method=\"post\" class=\"wpcf7-form init\" novalidate=\"novalidate\" data-status=\"init\">\n<div style=\"display: none;\">\n<input type=\"hidden\" name=\"_wpcf7\" value=\"1484\" \/>\n<input type=\"hidden\" name=\"_wpcf7_version\" value=\"5.6.4\" \/>\n<input type=\"hidden\" name=\"_wpcf7_locale\" value=\"es_ES\" \/>\n<input type=\"hidden\" name=\"_wpcf7_unit_tag\" value=\"wpcf7-f1484-o1\" \/>\n<input type=\"hidden\" name=\"_wpcf7_container_post\" value=\"0\" \/>\n<input type=\"hidden\" name=\"_wpcf7_posted_data_hash\" value=\"\" \/>\n<\/div>\n<p><label>  El teu nom (requerit)<br \/>\n    <span class=\"wpcf7-form-control-wrap\" data-name=\"your-name\"><input type=\"text\" name=\"your-name\" value=\"\" size=\"40\" class=\"wpcf7-form-control wpcf7-text wpcf7-validates-as-required\" aria-required=\"true\" aria-invalid=\"false\" \/><\/span> <\/label><\/p>\n<p><label> El teu correu electr\u00f2nic (requerit)<br \/>\n    <span class=\"wpcf7-form-control-wrap\" data-name=\"your-email\"><input type=\"email\" name=\"your-email\" value=\"\" size=\"40\" class=\"wpcf7-form-control wpcf7-text wpcf7-email wpcf7-validates-as-required wpcf7-validates-as-email\" aria-required=\"true\" aria-invalid=\"false\" \/><\/span> <\/label><\/p>\n<p><label>  Assumpte<br \/>\n    <span class=\"wpcf7-form-control-wrap\" data-name=\"your-subject\"><input type=\"text\" name=\"your-subject\" value=\"\" size=\"40\" class=\"wpcf7-form-control wpcf7-text\" aria-invalid=\"false\" \/><\/span> <\/label><\/p>\n<p><label> El teu missatge<br \/>\n    <span class=\"wpcf7-form-control-wrap\" data-name=\"your-message\"><textarea name=\"your-message\" cols=\"40\" rows=\"10\" class=\"wpcf7-form-control wpcf7-textarea\" aria-invalid=\"false\"><\/textarea><\/span> <\/label><\/p>\n<p><label><span class=\"wpcf7-form-control-wrap\" data-name=\"acceptance-363\"><span class=\"wpcf7-form-control wpcf7-acceptance\"><span class=\"wpcf7-list-item\"><input type=\"checkbox\" name=\"acceptance-363\" value=\"1\" aria-invalid=\"false\" \/><\/span><\/span><\/span> Estic d'acord amb la <a target=\"_blank\" href=\"https:\/\/www.joanpallaresserrano.com\/politica-de-privacidad\/\" rel=\"noopener\"> pol\u00edtica de privacitat <\/a><br \/>\n<\/label><\/p>\n<p><input type=\"submit\" value=\"Enviar\" class=\"wpcf7-form-control has-spinner wpcf7-submit\" \/><\/p>\n<p style=\"display: none !important;\" class=\"akismet-fields-container\" data-prefix=\"_wpcf7_ak_\"><label>&#916;<textarea name=\"_wpcf7_ak_hp_textarea\" cols=\"45\" rows=\"8\" maxlength=\"100\"><\/textarea><\/label><input type=\"hidden\" id=\"ak_js_1\" name=\"_wpcf7_ak_js\" value=\"11\"\/><script>document.getElementById( \"ak_js_1\" ).setAttribute( \"value\", ( new Date() ).getTime() );<\/script><\/p><div class=\"wpcf7-response-output\" aria-hidden=\"true\"><\/div><\/form><\/div>\n<\/div><\/section><\/p><\/div><\/div><\/div><\/div><!-- close content main div --><\/div><\/div><div id='after_section_2'  class='main_color av_default_container_wrap container_wrap sidebar_right'  ><div class='container av-section-cont-open' ><div class='template-page content  av-content-small alpha units'><div class='post-entry post-entry-type-page post-entry-1516'><div class='entry-content-wrapper clearfix'>\n<style type=\"text\/css\" data-created_by=\"avia_inline_auto\" id=\"style-css-av-av_heading-8dfdca74f20732ea92bbaf19c9632be6\">\n#top .av-special-heading.av-av_heading-8dfdca74f20732ea92bbaf19c9632be6{\npadding-bottom:2px;\nfont-size:30px;\n}\nbody .av-special-heading.av-av_heading-8dfdca74f20732ea92bbaf19c9632be6 .av-special-heading-tag .heading-char{\nfont-size:25px;\n}\n#top #wrap_all .av-special-heading.av-av_heading-8dfdca74f20732ea92bbaf19c9632be6 .av-special-heading-tag{\nfont-size:30px;\n}\n.av-special-heading.av-av_heading-8dfdca74f20732ea92bbaf19c9632be6 .av-subheading{\nfont-size:15px;\n}\n<\/style>\n<div  class='av-special-heading av-av_heading-8dfdca74f20732ea92bbaf19c9632be6 av-special-heading-h3 blockquote modern-quote modern-centered  avia-builder-el-13  el_after_av_section  el_before_av_submenu  avia-builder-el-no-sibling  av-inherit-size'><h3 class='av-special-heading-tag'  itemprop=\"headline\"  > ALTRES TRACTAMENTS CORPORALS<\/h3><div class=\"special-heading-border\"><div class=\"special-heading-inner-border\"><\/div><\/div><\/div><\/p>\n<\/div><\/div><\/div><!-- close content main div --><\/div><\/div><div class='clear'><\/div><div id='sub_menu1'  class='av-submenu-container av-jinkm5vu-039d2e93b605afb6e7cbf55ce55ce57e main_color  avia-builder-el-14  el_after_av_heading  avia-builder-el-last  av-sticky-submenu submenu-not-first container_wrap sidebar_right' style='z-index:301' ><div class='container av-menu-mobile-disabled av-submenu-pos-center'><ul id=\"menu-tratamientos-corporales-cat\" class=\"av-subnav-menu\"><li role=\"menuitem\" id=\"menu-item-1548\" class=\"menu-item menu-item-type-post_type menu-item-object-page av-menu-button av-menu-button-bordered menu-item-top-level menu-item-top-level-1\"><a href=\"https:\/\/www.joanpallaresserrano.com\/ca\/tractaments-i-operacions\/tractaments-corporals-cos\/sequeles-de-lobesitat-morbida\/\" itemprop=\"url\" tabindex=\"0\"><span class=\"avia-bullet\"><\/span><span class=\"avia-menu-text\">Seq\u00fceles de l\u2019obesitat m\u00f2rbida<\/span><span class=\"avia-menu-fx\"><span class=\"avia-arrow-wrap\"><span class=\"avia-arrow\"><\/span><\/span><\/span><\/a><\/li>\n<li role=\"menuitem\" id=\"menu-item-1549\" class=\"menu-item menu-item-type-post_type menu-item-object-page av-menu-button av-menu-button-bordered menu-item-top-level menu-item-top-level-2\"><a href=\"https:\/\/www.joanpallaresserrano.com\/ca\/tractaments-i-operacions\/tractaments-corporals-cos\/lipoestructura\/\" itemprop=\"url\" tabindex=\"0\"><span class=\"avia-bullet\"><\/span><span class=\"avia-menu-text\">Lipoestructura<\/span><span class=\"avia-menu-fx\"><span class=\"avia-arrow-wrap\"><span class=\"avia-arrow\"><\/span><\/span><\/span><\/a><\/li>\n<li role=\"menuitem\" id=\"menu-item-1550\" class=\"menu-item menu-item-type-post_type menu-item-object-page av-menu-button av-menu-button-bordered menu-item-top-level menu-item-top-level-3\"><a href=\"https:\/\/www.joanpallaresserrano.com\/ca\/tractaments-i-operacions\/tractaments-corporals-cos\/cirugia-genital-femenina\/\" itemprop=\"url\" tabindex=\"0\"><span class=\"avia-bullet\"><\/span><span class=\"avia-menu-text\">Cirug\u00eda genital femenina<\/span><span class=\"avia-menu-fx\"><span class=\"avia-arrow-wrap\"><span class=\"avia-arrow\"><\/span><\/span><\/span><\/a><\/li>\n<li role=\"menuitem\" id=\"menu-item-1551\" class=\"menu-item menu-item-type-post_type menu-item-object-page av-menu-button av-menu-button-bordered menu-item-top-level menu-item-top-level-4\"><a href=\"https:\/\/www.joanpallaresserrano.com\/ca\/tractaments-i-operacions\/tractaments-corporals-cos\/abdominoplastia-lipectomia-abdominal\/\" itemprop=\"url\" tabindex=\"0\"><span class=\"avia-bullet\"><\/span><span class=\"avia-menu-text\">Abdominopl\u00e0stia-Lipectomia abdominal<\/span><span class=\"avia-menu-fx\"><span class=\"avia-arrow-wrap\"><span class=\"avia-arrow\"><\/span><\/span><\/span><\/a><\/li>\n<\/ul><\/div><\/div><div class='sticky_placeholder'><\/div>\n","protected":false},"excerpt":{"rendered":"","protected":false},"author":1,"featured_media":0,"parent":1505,"menu_order":0,"comment_status":"closed","ping_status":"closed","template":"","meta":{"footnotes":""},"class_list":["post-1516","page","type-page","status-publish","hentry"],"_links":{"self":[{"href":"https:\/\/www.joanpallaresserrano.com\/ca\/wp-json\/wp\/v2\/pages\/1516","targetHints":{"allow":["GET"]}}],"collection":[{"href":"https:\/\/www.joanpallaresserrano.com\/ca\/wp-json\/wp\/v2\/pages"}],"about":[{"href":"https:\/\/www.joanpallaresserrano.com\/ca\/wp-json\/wp\/v2\/types\/page"}],"author":[{"embeddable":true,"href":"https:\/\/www.joanpallaresserrano.com\/ca\/wp-json\/wp\/v2\/users\/1"}],"replies":[{"embeddable":true,"href":"https:\/\/www.joanpallaresserrano.com\/ca\/wp-json\/wp\/v2\/comments?post=1516"}],"version-history":[{"count":6,"href":"https:\/\/www.joanpallaresserrano.com\/ca\/wp-json\/wp\/v2\/pages\/1516\/revisions"}],"predecessor-version":[{"id":1698,"href":"https:\/\/www.joanpallaresserrano.com\/ca\/wp-json\/wp\/v2\/pages\/1516\/revisions\/1698"}],"up":[{"embeddable":true,"href":"https:\/\/www.joanpallaresserrano.com\/ca\/wp-json\/wp\/v2\/pages\/1505"}],"wp:attachment":[{"href":"https:\/\/www.joanpallaresserrano.com\/ca\/wp-json\/wp\/v2\/media?parent=1516"}],"curies":[{"name":"wp","href":"https:\/\/api.w.org\/{rel}","templated":true}]}}